{"id":26,"date":"2014-07-15T19:10:27","date_gmt":"2014-07-15T17:10:27","guid":{"rendered":"http:\/\/heikecamp.de\/?page_id=26"},"modified":"2019-02-25T20:40:53","modified_gmt":"2019-02-25T19:40:53","slug":"ueber-mich","status":"publish","type":"page","link":"http:\/\/www.heikecamp.de\/","title":{"rendered":"\u00fcber mich"},"content":{"rendered":"<p style=\"text-align: center;\"><a href=\"http:\/\/www.heikecamp.de\/wp-content\/uploads\/2019\/02\/IMG_9579.jpg\"><img loading=\"lazy\" decoding=\"async\" class=\"alignnone size-medium wp-image-836\" src=\"http:\/\/www.heikecamp.de\/wp-content\/uploads\/2019\/02\/IMG_9579-205x300.jpg\" alt=\"\" width=\"205\" height=\"300\" srcset=\"http:\/\/www.heikecamp.de\/wp-content\/uploads\/2019\/02\/IMG_9579-205x300.jpg 205w, http:\/\/www.heikecamp.de\/wp-content\/uploads\/2019\/02\/IMG_9579.jpg 438w\" sizes=\"auto, (max-width: 205px) 100vw, 205px\" \/><\/a><\/p>\n<p style=\"text-align: center;\">Dies ist meine private Webseite, in der ich eine Auswahl meiner Bilder pr\u00e4sentiere.<\/p>\n<p style=\"text-align: center;\">Hier erfahrt ihr auch Neuigkeiten \u00fcber laufende bzw. kommende Ausstellungen<\/p>\n<p style=\"text-align: center;\">oder auf welchen Kunstm\u00e4rkten ich demn\u00e4chst anzutreffen bin.<\/p>\n<p style=\"text-align: center;\">Ich freue mich \u00fcber Anregungen, Hinweise oder auch Kritiken.<\/p>\n<p style=\"text-align: center;\">Das k\u00f6nnt ihr mir pers\u00f6nlich \u00fcber\u2019s\u00a0Kontaktformular schreiben.<\/p>\n","protected":false},"excerpt":{"rendered":"<p>Dies ist meine private Webseite, in der ich eine Auswahl meiner Bilder pr\u00e4sentiere. Hier erfahrt ihr auch Neuigkeiten \u00fcber laufende bzw. kommende Ausstellungen oder auf welchen Kunstm\u00e4rkten ich demn\u00e4chst anzutreffen bin. Ich freue mich \u00fcber Anregungen, Hinweise oder auch Kritiken. Das k\u00f6nnt ihr mir pers\u00f6nlich \u00fcber\u2019s\u00a0Kontaktformular schreiben.<\/p>\n","protected":false},"author":3,"featured_media":0,"parent":0,"menu_order":0,"comment_status":"closed","ping_status":"closed","template":"","meta":{"ngg_post_thumbnail":0,"footnotes":""},"class_list":["post-26","page","type-page","status-publish","hentry"],"_links":{"self":[{"href":"http:\/\/www.heikecamp.de\/index.php?rest_route=\/wp\/v2\/pages\/26","targetHints":{"allow":["GET"]}}],"collection":[{"href":"http:\/\/www.heikecamp.de\/index.php?rest_route=\/wp\/v2\/pages"}],"about":[{"href":"http:\/\/www.heikecamp.de\/index.php?rest_route=\/wp\/v2\/types\/page"}],"author":[{"embeddable":true,"href":"http:\/\/www.heikecamp.de\/index.php?rest_route=\/wp\/v2\/users\/3"}],"replies":[{"embeddable":true,"href":"http:\/\/www.heikecamp.de\/index.php?rest_route=%2Fwp%2Fv2%2Fcomments&post=26"}],"version-history":[{"count":10,"href":"http:\/\/www.heikecamp.de\/index.php?rest_route=\/wp\/v2\/pages\/26\/revisions"}],"predecessor-version":[{"id":880,"href":"http:\/\/www.heikecamp.de\/index.php?rest_route=\/wp\/v2\/pages\/26\/revisions\/880"}],"wp:attachment":[{"href":"http:\/\/www.heikecamp.de\/index.php?rest_route=%2Fwp%2Fv2%2Fmedia&parent=26"}],"curies":[{"name":"wp","href":"https:\/\/api.w.org\/{rel}","templated":true}]}}